{"id":56,"date":"2022-05-26T09:55:38","date_gmt":"2022-05-26T09:55:38","guid":{"rendered":"https:\/\/vois.erasmus.site\/?page_id=56"},"modified":"2022-08-28T19:47:26","modified_gmt":"2022-08-28T19:47:26","slug":"partnership","status":"publish","type":"page","link":"https:\/\/vois.erasmus.site\/pt\/partnership\/","title":{"rendered":"Parceiros"},"content":{"rendered":"<p><\/p>\n<h3 style=\"text-align: center;\"><img fetchpriority=\"high\" decoding=\"async\" class=\"size-medium wp-image-58 aligncenter\" src=\"https:\/\/vois.erasmus.site\/wp-content\/uploads\/2022\/05\/assist-300x300.png\" alt=\"\" width=\"300\" height=\"300\" srcset=\"https:\/\/vois.erasmus.site\/wp-content\/uploads\/2022\/05\/assist.png 300w, https:\/\/vois.erasmus.site\/wp-content\/uploads\/2022\/05\/assist-150x150.png 150w\" sizes=\"(max-width: 300px) 100vw, 300px\" \/><br \/>\nassist Gesellschaft f\u00fcr Unternehmensberatung und Personalentwicklung mbH (assist GmbH)<\/h3>\n<p>Assist GmbH \u00e9 uma sociedade an\u00f3nima de m\u00e9dia dimens\u00e3o com sede em Paderborn, centro da Alemanha. A empresa oferece forma\u00e7\u00e3o nas \u00e1reas de compet\u00eancias de comunica\u00e7\u00e3o, compet\u00eancias interculturais, compet\u00eancias de lideran\u00e7a, bem como compet\u00eancias de formador. Uma proposta de venda \u00fanica em particular \u00e9 que a Assist GmbH \u00e9 capaz de oferecer o desenvolvimento de compet\u00eancias numa vasta gama de diferentes l\u00ednguas. O grupo-alvo do cliente em que a Assist GmbH se concentra s\u00e3o empresas em toda a Europa que gostariam de desenvolver as capacidades e compet\u00eancias dos seus membros de equipa. A Assist GmbH tem experi\u00eancia no desenvolvimento de materiais de forma\u00e7\u00e3o e tamb\u00e9m na coordena\u00e7\u00e3o, implementa\u00e7\u00e3o, gest\u00e3o de qualidade e dissemina\u00e7\u00e3o de projetos da UE, o que \u00e9 um fator importante em tais projetos e tem estado envolvida como parceira em muitos Projetos Estrat\u00e9gicos Erasmus+.<br \/>\nA Assist GmbH est\u00e1 envolvida no apoio a organiza\u00e7\u00f5es no desenvolvimento dos seus membros e l\u00edderes das suas equipas. Tem muitos anos de experi\u00eancia na forma\u00e7\u00e3o de peritos de TI em temas de comunica\u00e7\u00e3o: incluindo comunica\u00e7\u00e3o, apresenta\u00e7\u00e3o, facilita\u00e7\u00e3o, gest\u00e3o de conflitos.<br \/>\nConsequentemente, a Assist GmbH tem uma grande experi\u00eancia na forma\u00e7\u00e3o de t\u00f3picos centrais de comunica\u00e7\u00e3o para o pessoal de TI, incluindo:<br \/>\n&#8211; Princ\u00edpios de comunica\u00e7\u00e3o<br \/>\n&#8211; Constru\u00e7\u00e3o de confian\u00e7a<br \/>\n&#8211; Escuta emp\u00e1tica<br \/>\n&#8211; Dar e receber feedback bem-sucedido<br \/>\n&#8211; Motiva\u00e7\u00e3o via comunica\u00e7\u00e3o<br \/>\n&#8211; Powertalking<br \/>\n&#8211; Estrat\u00e9gias de influ\u00eancia<br \/>\n&#8211; Gest\u00e3o de conflitos no local de trabalho<br \/>\n&#8211; Negocia\u00e7\u00e3o no local de trabalho<br \/>\n&#8211; O consultor de TI como formador<\/p>\n<p>S\u00edtio Web: <a href=\"https:\/\/www.international-hr.de\/impressum\/\" target=\"_blank\" rel=\"noopener\">www.international-hr.de\/impressum\/<\/a><\/p>\n<hr \/>\n<h3><img loading=\"lazy\" decoding=\"async\" class=\"wp-image-178 size-medium aligncenter\" src=\"https:\/\/vois.erasmus.site\/wp-content\/uploads\/2022\/08\/heraklion-300x300.png\" alt=\"\" width=\"300\" height=\"300\" srcset=\"https:\/\/vois.erasmus.site\/wp-content\/uploads\/2022\/08\/heraklion.png 300w, https:\/\/vois.erasmus.site\/wp-content\/uploads\/2022\/08\/heraklion-150x150.png 150w, https:\/\/vois.erasmus.site\/wp-content\/uploads\/2022\/08\/heraklion-24x24.png 24w, https:\/\/vois.erasmus.site\/wp-content\/uploads\/2022\/08\/heraklion-36x36.png 36w, https:\/\/vois.erasmus.site\/wp-content\/uploads\/2022\/08\/heraklion-48x48.png 48w\" sizes=\"(max-width: 300px) 100vw, 300px\" \/><\/h3>\n<h3 style=\"text-align: center;\">Heraklion Chamber of Commerce and Industry (HCCI)<\/h3>\n<p>A C\u00e2mara de Com\u00e9rcio e Ind\u00fastria de Heraklion \u00e9 uma das maiores c\u00e2maras de com\u00e9rcio da Gr\u00e9cia, e a maior organiza\u00e7\u00e3o independente de liga\u00e7\u00e3o em rede e de apoio \u00e0s empresas em Creta. Representando os interesses de cerca de 22.000 membros de todos os sectores da economia, a C\u00e2mara de Com\u00e9rcio e Ind\u00fastria de Heraklion oferece aos seus membros uma vasta gama de servi\u00e7os de aconselhamento pr\u00e1tico e profissional. A HCCI \u00e9 um organismo p\u00fablico estabelecido em 1918, n\u00e3o recebe qualquer subs\u00eddio de qualquer organismo governamental e \u00e9 inteiramente financiada pelas contribui\u00e7\u00f5es e honor\u00e1rios dos seus membros e por subven\u00e7\u00f5es comunit\u00e1rias. O papel do HCCI \u00e9 atuar como conselheiro e consultor do governo em geral para quest\u00f5es relativas ao com\u00e9rcio, ind\u00fastria e outras quest\u00f5es relevantes para o desenvolvimento econ\u00f3mico. Um objetivo altamente priorit\u00e1rio para a C\u00e2mara de Com\u00e9rcio e Ind\u00fastria de Heraklion \u00e9 a melhoria cont\u00ednua dos servi\u00e7os que presta aos seus membros, de modo a apoiar o seu bem-estar econ\u00f3mico.<br \/>\nA HCCI \u00e9 membro dos seguintes organismos internacionais:<br \/>\nEnterprise Europe Network<br \/>\nC\u00e2mara de Com\u00e9rcio Internacional<br \/>\nEuro-C\u00e2maras &#8211; Membro da rede da Associa\u00e7\u00e3o das C\u00e2maras de Com\u00e9rcio e Ind\u00fastria Europeias<br \/>\nInsuleur &#8211; Rede das C\u00e2maras de Com\u00e9rcio e Ind\u00fastria Insulares da U.E.<br \/>\nC\u00e2mara de Com\u00e9rcio e Desenvolvimento \u00c1rabe-Hel\u00e9nico<\/p>\n<p>S\u00edtio Web: <a href=\"http:\/\/www.ebeh.gr\" target=\"_blank\" rel=\"noopener\">www.ebeh.gr<\/a><\/p>\n<hr \/>\n<h3 style=\"text-align: center;\"><img decoding=\"async\" class=\"alignnone wp-image-62 size-medium\" src=\"https:\/\/vois.erasmus.site\/wp-content\/uploads\/2022\/05\/hp-300x300.png\" alt=\"\" width=\"300\" height=\"300\" srcset=\"https:\/\/vois.erasmus.site\/wp-content\/uploads\/2022\/05\/hp.png 300w, https:\/\/vois.erasmus.site\/wp-content\/uploads\/2022\/05\/hp-150x150.png 150w\" sizes=\"(max-width: 300px) 100vw, 300px\" \/><br \/>\nHanse-Parlament<\/h3>\n<p>A Hanse-Parlament \u00e9 uma associa\u00e7\u00e3o de 50 c\u00e2maras de ind\u00fastria, com\u00e9rcio e artesanato de 13 pa\u00edses. Os membros representam mais de 475.000 PMEs em toda a regi\u00e3o do Mar B\u00e1ltico. A Hanse-Parlament dedica-se a refor\u00e7ar o desempenho econ\u00f3mico da regi\u00e3o do Mar B\u00e1ltico em geral e a promover as PMEs em particular. A melhoria da forma\u00e7\u00e3o profissional na UE \u00e9 uma prioridade especial. Um poderoso secretariado com sede em Hamburgo serve como centro de opera\u00e7\u00f5es, think tank e departamento de desenvolvimento. Com o envolvimento de representantes das PMEs, a Hanse-Parlament est\u00e1 constantemente a desenvolver novas medidas de apoio, especialmente na \u00e1rea da forma\u00e7\u00e3o profissional. Est\u00e1 a testar as medidas com parceiros individuais e depois a transferi-las para todos os membros. Os membros recebem forma\u00e7\u00e3o para os formadores, bem como aconselhamento intensivo de implementa\u00e7\u00e3o por parte da Hanse-Parlament. Desta forma, novas medidas de apoio orientadas para a procura s\u00e3o desenvolvidas e implementadas permanentemente em toda a regi\u00e3o do Mar B\u00e1ltico, com um amplo impacto.<br \/>\nO Hanse-Parlament existe desde 1994, a coopera\u00e7\u00e3o internacional est\u00e1 bem estabelecida, e um elevado n\u00edvel de sustentabilidade \u00e9 alcan\u00e7ado atrav\u00e9s da organiza\u00e7\u00e3o como uma associa\u00e7\u00e3o. Por iniciativa da Hanse-Parlament, foi fundada em 2010 a Academia do Mar B\u00e1ltico, \u00e0 qual pertencem 17 universidades de 9 pa\u00edses do Mar B\u00e1ltico. Os membros da Academia do Mar B\u00e1ltico realizam programas de estudo duplos, bem como tarefas de investiga\u00e7\u00e3o e desenvolvimento para PMEs. Juntamente com os membros da Hanse-Parlament, eles moldam eficazmente a transfer\u00eancia de conhecimento e inova\u00e7\u00e3o. A Academia do Mar B\u00e1ltico \u00e9 um departamento do Hanse-Parlament. info@hanse-parlament.eu<\/p>\n<p>Tel: +49 40 82 24 47 0<\/p>\n<p>S\u00edtio Web: <a href=\"https:\/\/www.hanse-parlament.eu\/\" target=\"_blank\" rel=\"noopener\">www.hanse-parlament.eu<\/a><\/p>\n<hr \/>\n<h3 class=\"alignnone wp-image-62 size-medium\" style=\"text-align: center;\"><img loading=\"lazy\" decoding=\"async\" class=\"alignnone size-medium wp-image-63\" src=\"https:\/\/vois.erasmus.site\/wp-content\/uploads\/2022\/05\/cwep-300x300.png\" alt=\"\" width=\"300\" height=\"300\" srcset=\"https:\/\/vois.erasmus.site\/wp-content\/uploads\/2022\/05\/cwep.png 300w, https:\/\/vois.erasmus.site\/wp-content\/uploads\/2022\/05\/cwep-150x150.png 150w\" sizes=\"(max-width: 300px) 100vw, 300px\" \/><br \/>\nCentrum Wspierania Edukacji i Przedsi\u0119biorczo\u015bci (CWEP) &#8211; Pol\u00f3nia<\/h3>\n<p>O Centro de Educa\u00e7\u00e3o e Apoio ao Empreendedorismo (CWEP) \u00e9 uma organiza\u00e7\u00e3o n\u00e3o governamental fundada em 2004 por um grupo de empres\u00e1rios, professores e ativistas sociais de Rzesz\u00f3w, Pol\u00f3nia. O CWEP coopera com empresas e institui\u00e7\u00f5es de ensino. A miss\u00e3o do CWEP \u00e9 aumentar a qualidade da forma\u00e7\u00e3o educacional a todos os n\u00edveis e em todas as suas formas, bem como promover o empreendedorismo a fim de fomentar a integra\u00e7\u00e3o de qualquer grupo social, independentemente do seu sexo, idade ou origem \u00e9tnica. Em particular, os objetivos s\u00e3o melhorar a acessibilidade, qualidade e efici\u00eancia da educa\u00e7\u00e3o de todas as pessoas, promover e contribuir para a educa\u00e7\u00e3o de adultos, aprendizagem ao longo da vida, e-learning e a utiliza\u00e7\u00e3o de novas tecnologias na educa\u00e7\u00e3o e empreendedorismo. A Associa\u00e7\u00e3o trabalha com muitos parceiros da Europa a fim de refor\u00e7ar a posi\u00e7\u00e3o econ\u00f3mica das empresas e fornece plataformas em linha para empresas.<\/p>\n<p>Website: <a href=\"https:\/\/www.cwep.eu\" target=\"_blank\" rel=\"noopener\">www.cwep.eu<\/a><\/p>\n<hr \/>\n<h3 class=\"alignnone wp-image-62 size-medium\" style=\"text-align: center;\"><img loading=\"lazy\" decoding=\"async\" class=\"alignnone wp-image-67 size-medium\" src=\"https:\/\/vois.erasmus.site\/wp-content\/uploads\/2022\/05\/lut-300x300.png\" alt=\"\" width=\"300\" height=\"300\" srcset=\"https:\/\/vois.erasmus.site\/wp-content\/uploads\/2022\/05\/lut.png 300w, https:\/\/vois.erasmus.site\/wp-content\/uploads\/2022\/05\/lut-150x150.png 150w\" sizes=\"(max-width: 300px) 100vw, 300px\" \/><br \/>\nLUT University (Lappeenranta-Lahti University of Technology LUT)<\/h3>\n<p>A Universidade de LUT (Lappeenranta-Lahti University of Technology LUT) \u00e9 uma universidade cient\u00edfica pioneira na Finl\u00e2ndia, reunindo os campos da ci\u00eancia e dos neg\u00f3cios desde 1969. A nossa comunidade internacional \u00e9 composta por aproximadamente 6.500 estudantes e peritos empenhados na investiga\u00e7\u00e3o cient\u00edfica e na educa\u00e7\u00e3o acad\u00e9mica. Energia limpa, \u00e1gua e ar s\u00e3o recursos geradores de vida para os quais n\u00f3s, na Universidade LUT, procuramos novas solu\u00e7\u00f5es com a nossa per\u00edcia em tecnologia e neg\u00f3cios. Ajudamos a sociedade e as empresas na sua renova\u00e7\u00e3o sustent\u00e1vel.<br \/>\nA LUT tem uma tradi\u00e7\u00e3o de fortes la\u00e7os com a comunidade empresarial. Promovemos os neg\u00f3cios gerados pela investiga\u00e7\u00e3o cient\u00edfica. Isto \u00e9 demonstrado pela pr\u00f3pria empresa de investimento da universidade Green Campus Innovations, que apoia as empresas LUT baseadas na investiga\u00e7\u00e3o e start-ups. O nosso objetivo \u00e9 ser um precursor na educa\u00e7\u00e3o, garantindo r\u00f3tulos internacionais de qualidade para os nossos programas de gradua\u00e7\u00e3o como sinal de excel\u00eancia no ensino.<br \/>\nLUT Kouvola Research Unit, fundada em 2002, tem participado em muitas atividades internacionais. Contribuir\u00e1 para o projeto com a sua experi\u00eancia em gest\u00e3o da inova\u00e7\u00e3o, co-cria\u00e7\u00e3o, inova\u00e7\u00e3o aberta, conce\u00e7\u00e3o de ecossistemas. Temos uma vasta experi\u00eancia no desenvolvimento de curr\u00edculos de licenciatura, mestrado e doutoramento. A Universidade LUT tem tamb\u00e9m uma experi\u00eancia substancial na gest\u00e3o de grandes projectos internacionais no \u00e2mbito de Erasmus, Horizon, ITEA, e outras estruturas.<\/p>\n<p>LUT University<br \/>\nYliopistonkatu 34, 53850 Lappeenranta, Finland<br \/>\nS\u00edtio Web: <a href=\"http:\/\/lut.fi\" target=\"_blank\" rel=\"noopener\">www.lut.fi<\/a><br \/>\n+358 29 446 2111<\/p>\n<hr \/>\n<h3 class=\"alignnone wp-image-62 size-medium\" style=\"text-align: center;\"><img loading=\"lazy\" decoding=\"async\" class=\"alignnone wp-image-69 size-medium\" src=\"https:\/\/vois.erasmus.site\/wp-content\/uploads\/2022\/05\/ed-300x300.png\" alt=\"\" width=\"300\" height=\"300\" srcset=\"https:\/\/vois.erasmus.site\/wp-content\/uploads\/2022\/05\/ed.png 300w, https:\/\/vois.erasmus.site\/wp-content\/uploads\/2022\/05\/ed-150x150.png 150w\" sizes=\"(max-width: 300px) 100vw, 300px\" \/><br \/>\nE&amp;D Knowledge Consulting Lda. (Portugal)<\/h3>\n<p>E&amp;D Knowledge Consulting \u00e9 uma empresa de consultoria e forma\u00e7\u00e3o profissional especializada no apoio ao desenvolvimento das compet\u00eancias necess\u00e1rias para a promo\u00e7\u00e3o da inova\u00e7\u00e3o nos sectores empresarial, p\u00fablico e social. As principais atividades da E&amp;D est\u00e3o centradas em fornecer aos gestores e empres\u00e1rios as compet\u00eancias, conhecimentos e ferramentas necess\u00e1rias para implementar e executar com sucesso estrat\u00e9gias de inova\u00e7\u00e3o nas suas organiza\u00e7\u00f5es, mas tamb\u00e9m para fomentar a inova\u00e7\u00e3o no seu ambiente.<br \/>\nA E&amp;D \u00e9 especializada no apoio \u00e0 introdu\u00e7\u00e3o de opera\u00e7\u00f5es de inova\u00e7\u00e3o das organiza\u00e7\u00f5es &#8211; desde auditorias de inova\u00e7\u00e3o, passando pelo apoio \u00e0 defini\u00e7\u00e3o e implementa\u00e7\u00e3o de estrat\u00e9gias de inova\u00e7\u00e3o, at\u00e9 ao desenvolvimento de processos e mecanismos de inova\u00e7\u00e3o adaptados \u00e0s necessidades individuais das organiza\u00e7\u00f5es. Presta especial aten\u00e7\u00e3o ao fornecimento de capacidades e compet\u00eancias necess\u00e1rias para uma inova\u00e7\u00e3o bem-sucedida, entre l\u00edderes e gestores, bem como entre funcion\u00e1rios.<br \/>\nEnquanto os produtos de E&amp;D s\u00e3o definidos individualmente com base nas necessidades espec\u00edficas de cada organiza\u00e7\u00e3o, os t\u00f3picos mais abordados por E&amp;D abrangem:<\/p>\n<ul>\n<li>A constru\u00e7\u00e3o de uma compreens\u00e3o adequada da inova\u00e7\u00e3o entre os profissionais dos sectores n\u00e3o e de baixa tecnologia (especialmente nos sectores do turismo e hotelaria, agro-alimentar, industrial e de servi\u00e7os) e a sua capacidade de implementar o processo de inova\u00e7\u00e3o e transformar os seus esfor\u00e7os de inova\u00e7\u00e3o em lucro (financeiro, bem como social),<\/li>\n<li>Desenvolvimento e inova\u00e7\u00e3o de modelos empresariais, com especial \u00eanfase na sua aplica\u00e7\u00e3o para a constru\u00e7\u00e3o de resist\u00eancia \u00e0s mudan\u00e7as do mercado e constru\u00e7\u00e3o de estrat\u00e9gias orientadas para a inova\u00e7\u00e3o para a sustentabilidade econ\u00f3mica,<\/li>\n<li>Apoio a processos criativos e idealiza\u00e7\u00e3o para a inova\u00e7\u00e3o,<\/li>\n<li>Desenvolvimento da mentalidade de inova\u00e7\u00e3o entre indiv\u00edduos e entre organiza\u00e7\u00f5es,<\/li>\n<li>Desenvolvimento de mecanismos e cultura para a inova\u00e7\u00e3o,<\/li>\n<li>Desenvolvimento de compet\u00eancias empreendedoras e soft skills,<\/li>\n<li>Colabora\u00e7\u00e3o para a inova\u00e7\u00e3o (compet\u00eancias, mecanismos e ferramentas para a constru\u00e7\u00e3o de rela\u00e7\u00f5es e inova\u00e7\u00e3o aberta).<\/li>\n<\/ul>\n<p>S\u00edtio Web: <a href=\"http:\/\/www.ed-knowledgeconsulting.com\/\" target=\"_blank\" rel=\"noopener\">www.ed-knowledgeconsulting.com<\/a><\/p>\n<hr \/>\n<h3 class=\"alignnone wp-image-62 size-medium\" style=\"text-align: center;\"><img loading=\"lazy\" decoding=\"async\" class=\"alignnone wp-image-70 size-medium\" src=\"https:\/\/vois.erasmus.site\/wp-content\/uploads\/2022\/05\/university-zagreb-300x300.png\" alt=\"\" width=\"300\" height=\"300\" srcset=\"https:\/\/vois.erasmus.site\/wp-content\/uploads\/2022\/05\/university-zagreb.png 300w, https:\/\/vois.erasmus.site\/wp-content\/uploads\/2022\/05\/university-zagreb-150x150.png 150w\" sizes=\"(max-width: 300px) 100vw, 300px\" \/><br \/>\n&#8220;Universidade de Zagreb &#8211; Faculdade de Economia e Neg\u00f3cios<\/h3>\n<p>A Faculdade de Economia e Neg\u00f3cios da Universidade de Zagreb foi fundada em 1920; por conseguinte, representa a mais antiga institui\u00e7\u00e3o de ensino superior em economia e neg\u00f3cios da Rep\u00fablica da Cro\u00e1cia, mas tamb\u00e9m num contexto internacional mais vasto. A Faculdade de Economia e Neg\u00f3cios de Zagreb \u00e9 um dos 31 constituintes da Universidade de Zagreb, fundada em 1669, o que a posiciona no grupo das universidades mais antigas da Europa. Com base nos resultados das suas atividades econ\u00f3micas, sociais e pol\u00edticas, no n\u00famero de atuais estudantes e membros da sua sociedade de antigos alunos, no n\u00famero e nas compet\u00eancias dos seus professores, associados e pessoal de acompanhamento, acreditados internacionalmente, e de muitos economistas, gestores, empres\u00e1rios e pol\u00edticos de topo, a Faculdade de Economia e Neg\u00f3cios de Zagreb \u00e9 reconhecida como a principal e maior institui\u00e7\u00e3o de educa\u00e7\u00e3o econ\u00f3mica e empresarial da Rep\u00fablica da Cro\u00e1cia, e de toda a regi\u00e3o.<\/p>\n<p>A Faculdade de Economia e Neg\u00f3cios de Zagreb \u00e9 uma comunidade de 260 professores e associados que realizam programas de estudo e participam em v\u00e1rios projetos de investiga\u00e7\u00e3o. Para al\u00e9m do pessoal docente, h\u00e1 115 membros n\u00e3o docentes afetos aos servi\u00e7os profissionais da Faculdade. Mais de 8.500 estudantes de todos os n\u00edveis de estudo frequentam atualmente a Faculdade, e todos os anos cerca de 1.500 estudantes completam os seus estudos em v\u00e1rios programas de estudo.<\/p>\n<p>A Faculdade de Economia e Neg\u00f3cios Zagreb \u00e9 titular da acredita\u00e7\u00e3o nacional, assinada pela Ag\u00eancia Croata para a Ci\u00eancia e Ensino Superior e pelo Minist\u00e9rio da Ci\u00eancia e Educa\u00e7\u00e3o da Rep\u00fablica da Cro\u00e1cia, mas tamb\u00e9m duas acredita\u00e7\u00f5es internacionais, a acredita\u00e7\u00e3o AACSB Business a n\u00edvel institucional, e a acredita\u00e7\u00e3o EPAS para o programa de estudos universit\u00e1rios em ingl\u00eas Bacharel in Business.<\/p>\n<p>S\u00edtio Web: <a href=\"https:\/\/www.efzg.unizg.hr\/en\" target=\"_blank\" rel=\"noopener\">www.efzg.unizg.hr<\/a><\/p>","protected":false},"excerpt":{"rendered":"<p>assist Gesellschaft f\u00fcr Unternehmensberatung und Personalentwicklung mbH (assist GmbH) Assist GmbH \u00e9 uma sociedade an\u00f3nima de m\u00e9dia dimens\u00e3o com sede em Paderborn, centro da Alemanha. A empresa oferece forma\u00e7\u00e3o nas \u00e1reas de compet\u00eancias de comunica\u00e7\u00e3o, compet\u00eancias interculturais, compet\u00eancias de lideran\u00e7a, bem como compet\u00eancias de formador. Uma proposta de venda \u00fanica em particular \u00e9 que a&hellip;&nbsp;<a href=\"https:\/\/vois.erasmus.site\/pt\/partnership\/\" rel=\"bookmark\">Ler mais &raquo;<span class=\"screen-reader-text\">Parceiros<\/span><\/a><\/p>\n","protected":false},"author":1,"featured_media":61,"parent":0,"menu_order":0,"comment_status":"closed","ping_status":"closed","template":"","meta":{"neve_meta_sidebar":"","neve_meta_container":"","neve_meta_enable_content_width":"off","neve_meta_content_width":100,"neve_meta_title_alignment":"","neve_meta_author_avatar":"","neve_post_elements_order":"","neve_meta_disable_header":"","neve_meta_disable_footer":"","neve_meta_disable_title":"","footnotes":""},"class_list":["post-56","page","type-page","status-publish","has-post-thumbnail","hentry"],"_links":{"self":[{"href":"https:\/\/vois.erasmus.site\/pt\/wp-json\/wp\/v2\/pages\/56","targetHints":{"allow":["GET"]}}],"collection":[{"href":"https:\/\/vois.erasmus.site\/pt\/wp-json\/wp\/v2\/pages"}],"about":[{"href":"https:\/\/vois.erasmus.site\/pt\/wp-json\/wp\/v2\/types\/page"}],"author":[{"embeddable":true,"href":"https:\/\/vois.erasmus.site\/pt\/wp-json\/wp\/v2\/users\/1"}],"replies":[{"embeddable":true,"href":"https:\/\/vois.erasmus.site\/pt\/wp-json\/wp\/v2\/comments?post=56"}],"version-history":[{"count":14,"href":"https:\/\/vois.erasmus.site\/pt\/wp-json\/wp\/v2\/pages\/56\/revisions"}],"predecessor-version":[{"id":180,"href":"https:\/\/vois.erasmus.site\/pt\/wp-json\/wp\/v2\/pages\/56\/revisions\/180"}],"wp:featuredmedia":[{"embeddable":true,"href":"https:\/\/vois.erasmus.site\/pt\/wp-json\/wp\/v2\/media\/61"}],"wp:attachment":[{"href":"https:\/\/vois.erasmus.site\/pt\/wp-json\/wp\/v2\/media?parent=56"}],"curies":[{"name":"wp","href":"https:\/\/api.w.org\/{rel}","templated":true}]}}